{"id":63,"date":"2022-09-19T15:03:08","date_gmt":"2022-09-19T15:03:08","guid":{"rendered":"https:\/\/aparecidaembalugaes.pt\/?page_id=63"},"modified":"2023-04-20T13:25:23","modified_gmt":"2023-04-20T13:25:23","slug":"estatutos","status":"publish","type":"page","link":"https:\/\/aparecidaembalugaes.pt\/index.php\/estatutos\/","title":{"rendered":"Estatutos"},"content":{"rendered":"\t\t<div data-elementor-type=\"wp-page\" data-elementor-id=\"63\" class=\"elementor elementor-63\">\n\t\t\t\t\t\t\t\t\t<section class=\"elementor-section elementor-top-section elementor-element elementor-element-844085c elementor-section-boxed elementor-section-height-default elementor-section-height-default\" data-id=\"844085c\" data-element_type=\"section\">\n\t\t\t\t\t\t<div class=\"elementor-container elementor-column-gap-default\">\n\t\t\t\t\t<div class=\"elementor-column elementor-col-100 elementor-top-column elementor-element elementor-element-c43512e\" data-id=\"c43512e\" data-element_type=\"column\">\n\t\t\t<div class=\"elementor-widget-wrap elementor-element-populated\">\n\t\t\t\t\t\t\t\t<div class=\"elementor-element elementor-element-9e2b7f0 elementor-shape-rounded elementor-grid-0 e-grid-align-center elementor-widget elementor-widget-social-icons\" data-id=\"9e2b7f0\" data-element_type=\"widget\" data-widget_type=\"social-icons.default\">\n\t\t\t\t<div class=\"elementor-widget-container\">\n\t\t\t<style>\/*! elementor - v3.12.1 - 02-04-2023 *\/\n.elementor-widget-social-icons.elementor-grid-0 .elementor-widget-container,.elementor-widget-social-icons.elementor-grid-mobile-0 .elementor-widget-container,.elementor-widget-social-icons.elementor-grid-tablet-0 .elementor-widget-container{line-height:1;font-size:0}.elementor-widget-social-icons:not(.elementor-grid-0):not(.elementor-grid-tablet-0):not(.elementor-grid-mobile-0) .elementor-grid{display:inline-grid}.elementor-widget-social-icons .elementor-grid{grid-column-gap:var(--grid-column-gap,5px);grid-row-gap:var(--grid-row-gap,5px);grid-template-columns:var(--grid-template-columns);justify-content:var(--justify-content,center);justify-items:var(--justify-content,center)}.elementor-icon.elementor-social-icon{font-size:var(--icon-size,25px);line-height:var(--icon-size,25px);width:calc(var(--icon-size, 25px) + (2 * var(--icon-padding, .5em)));height:calc(var(--icon-size, 25px) + (2 * var(--icon-padding, .5em)))}.elementor-social-icon{--e-social-icon-icon-color:#fff;display:inline-flex;background-color:#69727d;align-items:center;justify-content:center;text-align:center;cursor:pointer}.elementor-social-icon i{color:var(--e-social-icon-icon-color)}.elementor-social-icon svg{fill:var(--e-social-icon-icon-color)}.elementor-social-icon:last-child{margin:0}.elementor-social-icon:hover{opacity:.9;color:#fff}.elementor-social-icon-android{background-color:#a4c639}.elementor-social-icon-apple{background-color:#999}.elementor-social-icon-behance{background-color:#1769ff}.elementor-social-icon-bitbucket{background-color:#205081}.elementor-social-icon-codepen{background-color:#000}.elementor-social-icon-delicious{background-color:#39f}.elementor-social-icon-deviantart{background-color:#05cc47}.elementor-social-icon-digg{background-color:#005be2}.elementor-social-icon-dribbble{background-color:#ea4c89}.elementor-social-icon-elementor{background-color:#d30c5c}.elementor-social-icon-envelope{background-color:#ea4335}.elementor-social-icon-facebook,.elementor-social-icon-facebook-f{background-color:#3b5998}.elementor-social-icon-flickr{background-color:#0063dc}.elementor-social-icon-foursquare{background-color:#2d5be3}.elementor-social-icon-free-code-camp,.elementor-social-icon-freecodecamp{background-color:#006400}.elementor-social-icon-github{background-color:#333}.elementor-social-icon-gitlab{background-color:#e24329}.elementor-social-icon-globe{background-color:#69727d}.elementor-social-icon-google-plus,.elementor-social-icon-google-plus-g{background-color:#dd4b39}.elementor-social-icon-houzz{background-color:#7ac142}.elementor-social-icon-instagram{background-color:#262626}.elementor-social-icon-jsfiddle{background-color:#487aa2}.elementor-social-icon-link{background-color:#818a91}.elementor-social-icon-linkedin,.elementor-social-icon-linkedin-in{background-color:#0077b5}.elementor-social-icon-medium{background-color:#00ab6b}.elementor-social-icon-meetup{background-color:#ec1c40}.elementor-social-icon-mixcloud{background-color:#273a4b}.elementor-social-icon-odnoklassniki{background-color:#f4731c}.elementor-social-icon-pinterest{background-color:#bd081c}.elementor-social-icon-product-hunt{background-color:#da552f}.elementor-social-icon-reddit{background-color:#ff4500}.elementor-social-icon-rss{background-color:#f26522}.elementor-social-icon-shopping-cart{background-color:#4caf50}.elementor-social-icon-skype{background-color:#00aff0}.elementor-social-icon-slideshare{background-color:#0077b5}.elementor-social-icon-snapchat{background-color:#fffc00}.elementor-social-icon-soundcloud{background-color:#f80}.elementor-social-icon-spotify{background-color:#2ebd59}.elementor-social-icon-stack-overflow{background-color:#fe7a15}.elementor-social-icon-steam{background-color:#00adee}.elementor-social-icon-stumbleupon{background-color:#eb4924}.elementor-social-icon-telegram{background-color:#2ca5e0}.elementor-social-icon-thumb-tack{background-color:#1aa1d8}.elementor-social-icon-tripadvisor{background-color:#589442}.elementor-social-icon-tumblr{background-color:#35465c}.elementor-social-icon-twitch{background-color:#6441a5}.elementor-social-icon-twitter{background-color:#1da1f2}.elementor-social-icon-viber{background-color:#665cac}.elementor-social-icon-vimeo{background-color:#1ab7ea}.elementor-social-icon-vk{background-color:#45668e}.elementor-social-icon-weibo{background-color:#dd2430}.elementor-social-icon-weixin{background-color:#31a918}.elementor-social-icon-whatsapp{background-color:#25d366}.elementor-social-icon-wordpress{background-color:#21759b}.elementor-social-icon-xing{background-color:#026466}.elementor-social-icon-yelp{background-color:#af0606}.elementor-social-icon-youtube{background-color:#cd201f}.elementor-social-icon-500px{background-color:#0099e5}.elementor-shape-rounded .elementor-icon.elementor-social-icon{border-radius:10%}.elementor-shape-circle .elementor-icon.elementor-social-icon{border-radius:50%}<\/style>\t\t<div class=\"elementor-social-icons-wrapper elementor-grid\">\n\t\t\t\t\t\t\t<span class=\"elementor-grid-item\">\n\t\t\t\t\t<a class=\"elementor-icon elementor-social-icon elementor-social-icon-facebook elementor-repeater-item-31b259c\" href=\"https:\/\/www.facebook.com\/Nossa-Senhora-Aparecida-em-Balug%C3%A3es-115198751172540\" target=\"_blank\" rel=\"noopener\">\n\t\t\t\t\t\t<span class=\"elementor-screen-only\">Facebook<\/span>\n\t\t\t\t\t\t<i class=\"fab fa-facebook\"><\/i>\t\t\t\t\t<\/a>\n\t\t\t\t<\/span>\n\t\t\t\t\t\t\t<span class=\"elementor-grid-item\">\n\t\t\t\t\t<a class=\"elementor-icon elementor-social-icon elementor-social-icon-mail-bulk elementor-repeater-item-f8b0347\" href=\"http:\/\/aparecida15agosto@gmail.com\" target=\"_blank\" rel=\"noopener\">\n\t\t\t\t\t\t<span class=\"elementor-screen-only\">Mail-bulk<\/span>\n\t\t\t\t\t\t<i class=\"fas fa-mail-bulk\"><\/i>\t\t\t\t\t<\/a>\n\t\t\t\t<\/span>\n\t\t\t\t\t<\/div>\n\t\t\t\t<\/div>\n\t\t\t\t<\/div>\n\t\t\t\t\t<\/div>\n\t\t<\/div>\n\t\t\t\t\t\t\t<\/div>\n\t\t<\/section>\n\t\t\t\t<section class=\"elementor-section elementor-top-section elementor-element elementor-element-cfa276c elementor-section-boxed elementor-section-height-default elementor-section-height-default\" data-id=\"cfa276c\" data-element_type=\"section\">\n\t\t\t\t\t\t<div class=\"elementor-container elementor-column-gap-default\">\n\t\t\t\t\t<div class=\"elementor-column elementor-col-100 elementor-top-column elementor-element elementor-element-7b37594\" data-id=\"7b37594\" data-element_type=\"column\">\n\t\t\t<div class=\"elementor-widget-wrap elementor-element-populated\">\n\t\t\t\t\t\t\t\t<div class=\"elementor-element elementor-element-c0d5234 elementor-align-center elementor-widget elementor-widget-button\" data-id=\"c0d5234\" data-element_type=\"widget\" data-widget_type=\"button.default\">\n\t\t\t\t<div class=\"elementor-widget-container\">\n\t\t\t\t\t<div class=\"elementor-button-wrapper\">\n\t\t\t<a href=\"https:\/\/aparecidaembalugaes.pt\/wp-content\/uploads\/2022\/09\/Estatutos-Confraria-Aparecida.pdf\" class=\"elementor-button-link elementor-button elementor-size-sm\" role=\"button\">\n\t\t\t\t\t\t<span class=\"elementor-button-content-wrapper\">\n\t\t\t\t\t\t\t<span class=\"elementor-button-icon elementor-align-icon-left\">\n\t\t\t\t<i aria-hidden=\"true\" class=\"far fa-arrow-alt-circle-down\"><\/i>\t\t\t<\/span>\n\t\t\t\t\t\t<span class=\"elementor-button-text\">Descarregar Estatutos<\/span>\n\t\t<\/span>\n\t\t\t\t\t<\/a>\n\t\t<\/div>\n\t\t\t\t<\/div>\n\t\t\t\t<\/div>\n\t\t\t\t\t<\/div>\n\t\t<\/div>\n\t\t\t\t\t\t\t<\/div>\n\t\t<\/section>\n\t\t\t\t<section class=\"elementor-section elementor-top-section elementor-element elementor-element-6e856a0a elementor-section-boxed elementor-section-height-default elementor-section-height-default\" data-id=\"6e856a0a\" data-element_type=\"section\">\n\t\t\t\t\t\t<div class=\"elementor-container elementor-column-gap-default\">\n\t\t\t\t\t<div class=\"elementor-column elementor-col-100 elementor-top-column elementor-element elementor-element-53f99447\" data-id=\"53f99447\" data-element_type=\"column\">\n\t\t\t<div class=\"elementor-widget-wrap elementor-element-populated\">\n\t\t\t\t\t\t\t\t<div class=\"elementor-element elementor-element-6f8655c7 elementor-widget elementor-widget-text-editor\" data-id=\"6f8655c7\" data-element_type=\"widget\" data-widget_type=\"text-editor.default\">\n\t\t\t\t<div class=\"elementor-widget-container\">\n\t\t\t<style>\/*! elementor - v3.12.1 - 02-04-2023 *\/\n.elementor-widget-text-editor.elementor-drop-cap-view-stacked .elementor-drop-cap{background-color:#69727d;color:#fff}.elementor-widget-text-editor.elementor-drop-cap-view-framed .elementor-drop-cap{color:#69727d;border:3px solid;background-color:transparent}.elementor-widget-text-editor:not(.elementor-drop-cap-view-default) .elementor-drop-cap{margin-top:8px}.elementor-widget-text-editor:not(.elementor-drop-cap-view-default) .elementor-drop-cap-letter{width:1em;height:1em}.elementor-widget-text-editor .elementor-drop-cap{float:left;text-align:center;line-height:1;font-size:50px}.elementor-widget-text-editor .elementor-drop-cap-letter{display:inline-block}<\/style>\t\t\t\t<p><!-- wp:paragraph --><!-- \/wp:paragraph --><!-- wp:paragraph {\"align\":\"center\",\"textColor\":\"black\"} --><!-- \/wp:paragraph --><!-- wp:table {\"style\":{\"color\":{\"background\":\"#e7e681\"},\"typography\":{\"fontSize\":\"20px\"}},\"textColor\":\"black\"} --><\/p>\n<figure class=\"wp-block-table\" style=\"font-size: 20px;\">\n<table class=\"has-black-color has-text-color has-background\" style=\"background-color: #e7e681;\">\n<tbody>\n<tr>\n<td class=\"has-text-align-center\" data-align=\"center\">\n<h1><strong> ASSOCIADOS<\/strong><\/h1>\n<\/td>\n<\/tr>\n<\/tbody>\n<\/table>\n<\/figure>\n<p><!-- \/wp:table --><!-- wp:paragraph --><\/p>\n<p><strong><u>DIREITOS DOS IRM\u00c3OS:<\/u><\/strong><\/p>\n<p><!-- \/wp:paragraph --><!-- wp:paragraph --><\/p>\n<p>&#8211; Celebra\u00e7\u00e3o de uma missa ap\u00f3s o falecimento<\/p>\n<p><!-- \/wp:paragraph --><!-- wp:paragraph --><\/p>\n<p>&#8211; Celebra\u00e7\u00e3o de uma missa mensal pelos Irm\u00e3os vivos e falecidos<\/p>\n<p><!-- \/wp:paragraph --><!-- wp:paragraph --><\/p>\n<p>&#8211; Of\u00edcio a 25 de setembro pelos Irm\u00e3os falecidos <br>(e em mem\u00f3ria do Vidente Jo\u00e3o Mudo &#8211; data do seu falecimento)<\/p>\n<p><!-- \/wp:paragraph --><!-- wp:paragraph --><\/p>\n<p><strong><u>OBRIGA\u00c7\u00d5ES DOS IRM\u00c3OS:<\/u><\/strong><\/p>\n<p><!-- \/wp:paragraph --><!-- wp:paragraph --><\/p>\n<p>&#8211; Pagar a Joia de inscri\u00e7\u00e3o<\/p>\n<p><!-- \/wp:paragraph --><!-- wp:paragraph --><\/p>\n<p>&#8211; Pagar a respetiva quota anual<\/p>\n<p><!-- \/wp:paragraph --><!-- wp:paragraph --><\/p>\n<p>&#8211; Promover o culto a Nossa Senhora Aparecida<\/p>\n<p><!-- \/wp:paragraph --><!-- wp:paragraph --><!-- \/wp:paragraph --><!-- wp:paragraph --><!-- \/wp:paragraph --><!-- wp:paragraph {\"align\":\"center\"} --><!-- \/wp:paragraph --><!-- wp:paragraph --><\/p>\n<p><!-- \/wp:paragraph --><!-- wp:table {\"style\":{\"color\":{\"background\":\"#e7e681\"}}} --><\/p>\n<figure class=\"wp-block-table\">\n<table class=\"has-background\" style=\"background-color: #e7e681;\">\n<tbody>\n<tr>\n<td class=\"has-text-align-center\" data-align=\"center\">\n<h2><b>HOR\u00c1RIO DAS CELEBRA\u00c7\u00d5ES<\/b><\/h2>\n<\/td>\n<\/tr>\n<\/tbody>\n<\/table>\n<\/figure>\n<p><!-- \/wp:table --><!-- wp:paragraph --><\/p>\n<p><strong><u>EUCARISTIA:<\/u><\/strong><\/p>\n<p><!-- \/wp:paragraph --><!-- wp:paragraph --><\/p>\n<p><strong>\u2013 Quinta-feira e s\u00e1bado:<\/strong><\/p>\n<p><!-- \/wp:paragraph --><!-- wp:paragraph --><\/p>\n<p><strong>&#8211; (hor\u00e1rio de ver\u00e3o)<br>\u201320h00<\/strong>,<\/p>\n<p><!-- \/wp:paragraph --><!-- wp:paragraph --><\/p>\n<p><strong>&#8211; (hor\u00e1rio de inverno) <br>\u2013 19h00.<\/strong><\/p>\n<p><!-- \/wp:paragraph --><!-- wp:paragraph --><\/p>\n<p><strong>\u2013 Domingo<br>\u201310h30.<\/strong><\/p>\n<p><!-- \/wp:paragraph --><!-- wp:paragraph --><\/p>\n<p><strong><u>PEREGRINA\u00c7\u00c3O ANUAL DE AGOSTO<\/u><\/strong><\/p>\n<p><!-- \/wp:paragraph --><!-- wp:paragraph --><\/p>\n<p>De <strong>06<\/strong> a <strong>13<\/strong> de agosto \u2013 <strong>Novena preparat\u00f3ria:<\/strong><\/p>\n<p><!-- \/wp:paragraph --><!-- wp:paragraph --><\/p>\n<p><strong>\u2013 19h00<\/strong> \u2013 Recita\u00e7\u00e3o do <strong>Ter\u00e7o<\/strong>,<\/p>\n<p><!-- \/wp:paragraph --><!-- wp:paragraph --><\/p>\n<p><strong>\u2013 19h30<\/strong>\u2013<strong>Eucaristia<\/strong>.<\/p>\n<p><!-- \/wp:paragraph --><!-- wp:paragraph --><\/p>\n<p>Dia <strong>14 de agosto<\/strong><strong>:<\/strong><\/p>\n<p><!-- \/wp:paragraph --><!-- wp:paragraph --><\/p>\n<p><strong>\u2013 18h00<\/strong> \u2013 <strong>Eucaristia<\/strong> seguida de <strong>Prociss\u00e3o Eucar\u00edstica<\/strong>,<\/p>\n<p><!-- \/wp:paragraph --><!-- wp:paragraph --><\/p>\n<p><strong>\u2013 22h00<\/strong> \u2013 Recita\u00e7\u00e3o do <strong>Ter\u00e7o<\/strong> seguida de <strong>Prociss\u00e3o das Velas<\/strong>.<\/p>\n<p><!-- \/wp:paragraph --><!-- wp:paragraph --><\/p>\n<p>Dia <strong>15 de agosto<\/strong>:<\/p>\n<p><!-- \/wp:paragraph --><!-- wp:paragraph --><\/p>\n<p><strong>\u2013 05h00 <\/strong>\u2013Eucaristia,<\/p>\n<p><!-- \/wp:paragraph --><!-- wp:paragraph --><\/p>\n<p><strong>\u2013 08h00<\/strong> \u2013 Eucaristia,<\/p>\n<p><!-- \/wp:paragraph --><!-- wp:paragraph --><\/p>\n<p><strong>\u2013 09h45<\/strong> \u2013 In\u00edcio da <strong>peregrina\u00e7\u00e3o<\/strong> na Capela de S\u00e3o Bento,<\/p>\n<p><!-- \/wp:paragraph --><!-- wp:paragraph --><\/p>\n<p><strong>\u2013 11h00<\/strong> \u2013 <strong>Eucaristia<\/strong> solene campal seguida de <strong>Prociss\u00e3o do adeus<\/strong>,<strong> \u2013 18h00<\/strong> \u2013 Recita\u00e7\u00e3o do <strong>Ter\u00e7o<\/strong> e encerramento da peregrina\u00e7\u00e3o.<\/p>\n<p><\/p>\n<p><!-- \/wp:paragraph --><!-- wp:paragraph --><!-- \/wp:paragraph --><!-- wp:paragraph {\"align\":\"center\"} --><!-- \/wp:paragraph --><!-- wp:table {\"style\":{\"color\":{\"background\":\"#e7e681\"}}} --><\/p>\n<figure class=\"wp-block-table\">\n<table class=\"has-background\" style=\"background-color: #e7e681;\">\n<tbody>\n<tr>\n<td class=\"has-text-align-center\" data-align=\"center\">\n<h1><strong>PRE\u00c7\u00c1RIO EM VIGOR A PARTIR DE<\/strong><\/h1>\n<h1><strong> 01 DE NOVEMBRO DE 2022<\/strong><\/h1>\n<\/td>\n<\/tr>\n<\/tbody>\n<\/table>\n<\/figure>\n<p><!-- \/wp:paragraph --><!-- wp:table --><\/p>\n<figure class=\"wp-block-table\">\n<table>\n<tbody>\n<tr>\n<td><strong>INSCRI\u00c7\u00c3O DE NOVOS ASSOCIADOS<\/strong><\/td>\n<td><strong>40,00 Euros<\/strong><\/td>\n<\/tr>\n<tr>\n<td><strong>QUOTA ANUAL<\/strong><\/td>\n<td><strong>6,00&nbsp; Euros<\/strong><\/td>\n<\/tr>\n<\/tbody>\n<\/table>\n<\/figure>\n<p><!-- \/wp:table --><!-- wp:paragraph --><\/p>\n<p><strong>REMISS\u00c3O DE QUOTAS:<\/strong><\/p>\n<p><!-- \/wp:paragraph --><!-- wp:table --><\/p>\n<figure class=\"wp-block-table\">\n<table>\n<tbody>\n<tr>\n<td><strong>At\u00e9 aos 19 anos<\/strong><\/td>\n<td><strong>150,00 Euros<\/strong><\/td>\n<\/tr>\n<tr>\n<td><strong>Dos 20 anos at\u00e9 aos 34 anos<\/strong><\/td>\n<td><strong>125,00 Euros<\/strong><\/td>\n<\/tr>\n<tr>\n<td><strong>Dos 35 anos at\u00e9 aos 49 anos<\/strong><\/td>\n<td><strong>100,00 Euros<\/strong><\/td>\n<\/tr>\n<tr>\n<td><strong>Dos 50 anos at\u00e9 aos 64 anos<\/strong><\/td>\n<td><strong>75,00 Euros<\/strong><\/td>\n<\/tr>\n<tr>\n<td><strong>A partir dos 65 anos<\/strong><\/td>\n<td><strong>50,00 Euros<\/strong><\/td>\n<\/tr>\n<\/tbody>\n<\/table>\n<\/figure>\n<p><!-- \/wp:table --><!-- wp:paragraph --><\/p>\n<p><strong><u>DESLOCA\u00c7\u00c3O DA BANDEIRA DE NOSSA SENHORA APARECIDA AOS FUNERAIS:<\/u><\/strong><\/p>\n<p><!-- \/wp:paragraph --><!-- wp:paragraph --><\/p>\n<p><strong><u>&#8211; EM BALUG\u00c3ES:<\/u><\/strong><\/p>\n<p><!-- \/wp:paragraph --><!-- wp:table --><\/p>\n<figure class=\"wp-block-table\">\n<table>\n<tbody>\n<tr>\n<td><strong>Associados com quotas pagas ou remidas<\/strong><\/td>\n<td><strong>GR\u00c1TIS<\/strong><\/td>\n<\/tr>\n<tr>\n<td><strong>N\u00e3o Associados<\/strong><\/td>\n<td><strong>50,00 Euros<\/strong><\/td>\n<\/tr>\n<\/tbody>\n<\/table>\n<\/figure>\n<p><!-- \/wp:table --><!-- wp:paragraph --><\/p>\n<p><strong><u>&#8211; FORA DE BALUG\u00c3ES:<\/u><\/strong><\/p>\n<p><!-- \/wp:paragraph --><!-- wp:paragraph --><\/p>\n<p><strong><u>&#8211; NAS PAR\u00d3QUIAS PARTICIPANTES NA PEREGRINA\u00c7\u00c3O:<\/u><\/strong><\/p>\n<p><!-- \/wp:paragraph --><!-- wp:paragraph --><\/p>\n<p><strong><em>(Apenas se houver pessoal dispon\u00edvel para a presta\u00e7\u00e3o deste servi\u00e7o)<\/em><\/strong><\/p>\n<p><!-- \/wp:paragraph --><!-- wp:table --><\/p>\n<figure class=\"wp-block-table\">\n<table>\n<tbody>\n<tr>\n<td><strong>Associados com quotas pagas ou remidas<\/strong><\/td>\n<td><strong>50,00 Euros<\/strong><\/td>\n<\/tr>\n<tr>\n<td><strong>N\u00e3o Associados<\/strong><\/td>\n<td><strong>100,00 Euros<\/strong><\/td>\n<\/tr>\n<\/tbody>\n<\/table>\n<\/figure>\n<p><!-- \/wp:table --><!-- wp:paragraph --><\/p>\n<p><strong><u>&#8211; NAS PAR\u00d3QUIAS N\u00c3O PARTICIPANTES NA PEREGRINA\u00c7\u00c3O:<\/u><\/strong><\/p>\n<p><!-- \/wp:paragraph --><!-- wp:paragraph --><\/p>\n<p><strong><em>(Apenas se houver pessoal dispon\u00edvel para a presta\u00e7\u00e3o deste servi\u00e7o)<\/em><\/strong><\/p>\n<p><!-- \/wp:paragraph --><!-- wp:table --><\/p>\n<figure class=\"wp-block-table\">\n<table>\n<tbody>\n<tr>\n<td><strong>Associados com quotas pagas ou remidas<\/strong><\/td>\n<td><strong>100,00 Euros<\/strong><\/td>\n<\/tr>\n<tr>\n<td><strong>N\u00e3o Associados<\/strong><\/td>\n<td><strong>200,00 Euros<\/strong><\/td>\n<\/tr>\n<\/tbody>\n<\/table>\n<\/figure>\n<p><!-- \/wp:table --><!-- wp:paragraph --><\/p>\n<p><!-- \/wp:paragraph --><!-- wp:paragraph {\"textColor\":\"black\"} --><\/p>\n<p class=\"has-black-color has-text-color\">Para pagamentos de quotas ou de outros servi\u00e7os, segue o seguinte <strong>IBAN:<\/strong><\/p>\n<p><!-- \/wp:paragraph --><!-- wp:paragraph {\"align\":\"center\",\"textColor\":\"black\",\"fontSize\":\"normal\"} --><\/p>\n<p class=\"has-text-align-center has-black-color has-text-color has-normal-font-size\"><strong>PT50 0035 0143 0000 2725 23070<\/strong><\/p>\n<p><!-- \/wp:paragraph --><!-- wp:paragraph {\"textColor\":\"black\"} --><\/p>\n<p class=\"has-black-color has-text-color\">(sempre que efetuar algum pagamento, por favor envie-nos o comprovativo da transfer\u00eancia)<\/p>\n<p><!-- \/wp:paragraph --><!-- wp:paragraph {\"textColor\":\"black\"} --><\/p>\n<p class=\"has-black-color has-text-color\">Obrigado.<\/p>\n<p><!-- \/wp:paragraph --><!-- wp:paragraph {\"align\":\"center\"} --><!-- \/wp:paragraph --><!-- wp:paragraph --><!-- \/wp:paragraph --><!-- wp:paragraph --><!-- \/wp:paragraph --><!-- wp:paragraph --><\/p>\n<p><!-- \/wp:paragraph --><!-- wp:paragraph --><\/p>\n<p><!-- \/wp:paragraph --><!-- wp:paragraph --><\/p>\n<p><!-- \/wp:paragraph --><!-- wp:paragraph --><\/p>\n<p><!-- \/wp:paragraph --><!-- wp:paragraph --><\/p>\n<p><!-- \/wp:paragraph --><!-- wp:paragraph --><\/p>\n<p><!-- \/wp:paragraph --><!-- wp:paragraph --><\/p>\n<p><!-- \/wp:paragraph --><!-- wp:paragraph --><\/p>\n<p><!-- \/wp:paragraph --><!-- wp:paragraph --><\/p>\n<p><!-- \/wp:paragraph --><!-- wp:paragraph --><\/p>\n<p><!-- \/wp:paragraph --><!-- wp:paragraph --><\/p>\n<p><!-- \/wp:paragraph --><!-- wp:paragraph --><\/p>\n<p><!-- \/wp:paragraph --><\/p>\n<p>&nbsp;<\/p>&nbsp;\t\t\t\t\t\t<\/div>\n\t\t\t\t<\/div>\n\t\t\t\t\t<\/div>\n\t\t<\/div>\n\t\t\t\t\t\t\t<\/div>\n\t\t<\/section>\n\t\t\t\t<section class=\"elementor-section elementor-top-section elementor-element elementor-element-61b00a7 elementor-section-boxed elementor-section-height-default elementor-section-height-default\" data-id=\"61b00a7\" data-element_type=\"section\">\n\t\t\t\t\t\t<div class=\"elementor-container elementor-column-gap-default\">\n\t\t\t\t\t<div class=\"elementor-column elementor-col-100 elementor-top-column elementor-element elementor-element-b247582\" data-id=\"b247582\" data-element_type=\"column\">\n\t\t\t<div class=\"elementor-widget-wrap elementor-element-populated\">\n\t\t\t\t\t\t\t\t<div class=\"elementor-element elementor-element-1df2f68 elementor-align-center elementor-widget elementor-widget-button\" data-id=\"1df2f68\" data-element_type=\"widget\" data-widget_type=\"button.default\">\n\t\t\t\t<div class=\"elementor-widget-container\">\n\t\t\t\t\t<div class=\"elementor-button-wrapper\">\n\t\t\t<a href=\"#\" class=\"elementor-button-link elementor-button elementor-size-sm\" role=\"button\">\n\t\t\t\t\t\t<span class=\"elementor-button-content-wrapper\">\n\t\t\t\t\t\t\t<span class=\"elementor-button-icon elementor-align-icon-left\">\n\t\t\t\t<i aria-hidden=\"true\" class=\"far fa-arrow-alt-circle-up\"><\/i>\t\t\t<\/span>\n\t\t\t\t\t\t<span class=\"elementor-button-text\">Topo<\/span>\n\t\t<\/span>\n\t\t\t\t\t<\/a>\n\t\t<\/div>\n\t\t\t\t<\/div>\n\t\t\t\t<\/div>\n\t\t\t\t\t<\/div>\n\t\t<\/div>\n\t\t\t\t\t\t\t<\/div>\n\t\t<\/section>\n\t\t\t\t\t\t\t<\/div>\n\t\t","protected":false},"excerpt":{"rendered":"<p>Facebook Mail-bulk Descarregar Estatutos ASSOCIADOS DIREITOS DOS IRM\u00c3OS: &#8211; Celebra\u00e7\u00e3o de uma missa ap\u00f3s o falecimento &#8211; Celebra\u00e7\u00e3o de uma missa mensal pelos Irm\u00e3os vivos e falecidos &#8211; Of\u00edcio a 25 de setembro pelos Irm\u00e3os falecidos (e em mem\u00f3ria do Vidente Jo\u00e3o Mudo &#8211; data &hellip; <a href=\"https:\/\/aparecidaembalugaes.pt\/index.php\/estatutos\/\" class=\"more-link\"><span>Ler mais&#8230;<span class=\"screen-reader-text\">Estatutos<\/span><\/span><\/a><\/p>\n","protected":false},"author":1,"featured_media":218,"parent":0,"menu_order":1,"comment_status":"closed","ping_status":"closed","template":"","meta":{"footnotes":""},"class_list":["post-63","page","type-page","status-publish","has-post-thumbnail","hentry"],"_links":{"self":[{"href":"https:\/\/aparecidaembalugaes.pt\/index.php\/wp-json\/wp\/v2\/pages\/63","targetHints":{"allow":["GET"]}}],"collection":[{"href":"https:\/\/aparecidaembalugaes.pt\/index.php\/wp-json\/wp\/v2\/pages"}],"about":[{"href":"https:\/\/aparecidaembalugaes.pt\/index.php\/wp-json\/wp\/v2\/types\/page"}],"author":[{"embeddable":true,"href":"https:\/\/aparecidaembalugaes.pt\/index.php\/wp-json\/wp\/v2\/users\/1"}],"replies":[{"embeddable":true,"href":"https:\/\/aparecidaembalugaes.pt\/index.php\/wp-json\/wp\/v2\/comments?post=63"}],"version-history":[{"count":114,"href":"https:\/\/aparecidaembalugaes.pt\/index.php\/wp-json\/wp\/v2\/pages\/63\/revisions"}],"predecessor-version":[{"id":934,"href":"https:\/\/aparecidaembalugaes.pt\/index.php\/wp-json\/wp\/v2\/pages\/63\/revisions\/934"}],"wp:featuredmedia":[{"embeddable":true,"href":"https:\/\/aparecidaembalugaes.pt\/index.php\/wp-json\/wp\/v2\/media\/218"}],"wp:attachment":[{"href":"https:\/\/aparecidaembalugaes.pt\/index.php\/wp-json\/wp\/v2\/media?parent=63"}],"curies":[{"name":"wp","href":"https:\/\/api.w.org\/{rel}","templated":true}]}}